{"id":3388,"date":"2015-09-01T15:18:58","date_gmt":"2015-09-01T12:18:58","guid":{"rendered":"http:\/\/www.lopunajat.fi\/blogi\/?page_id=3388"},"modified":"2015-11-11T13:46:57","modified_gmt":"2015-11-11T11:46:57","slug":"poiminnat-syyskuu-2015","status":"publish","type":"page","link":"https:\/\/lopunajat.fi\/blogi\/poiminnat-syyskuu-2015\/","title":{"rendered":"POIMINNAT SYYSKUU 2015"},"content":{"rendered":"<p class=\"entry-title\">P\u00e4ivitetty 1.11.2015<\/p>\n<p class=\"entry-title\">\n<h1 class=\"entry-title\"><a href=\"http:\/\/www.lopunajat.fi\/blogi\/syyskuu-2015\/\">Suurien muutosten syyskuu (lista)<\/a><\/h1>\n<p class=\"entry-title\">\n<header class=\"entry-header\">\n<h1 class=\"entry-title\">30.9.2015: Putinin pyynt\u00f6 h\u00e4mment\u00e4\u00e4: Miksi lupaa asevoimien k\u00e4ytt\u00f6\u00f6n haettiin \u201dVen\u00e4j\u00e4n rajojen ulkopuolelle\u201d eik\u00e4 \u201dSyyriaan\u201d?<\/h1>\n<\/header>\n<div class=\"entry-content\">\n<p>\u201dVen\u00e4j\u00e4n presidentin esitt\u00e4m\u00e4 asevoimien k\u00e4ytt\u00f6pyynt\u00f6 on muotoiltu nyt eri tavalla kuin kev\u00e4\u00e4ll\u00e4 2014, jolloin se koski selke\u00e4sti nimenomaan Ukrainaa.<\/p>\n<p>Kremlin virallisilla nettisivuilla on julkaistu presidentti Vladimir Putinin pyynt\u00f6, jonka h\u00e4n esitti Ven\u00e4j\u00e4n parlamentin yl\u00e4huoneelle eli liittoneuvostolle.<\/p>\n<p>\u201dLiittoneuvostolle on tuotu ehdotus k\u00e4ytt\u00e4\u00e4 asevoimia Ven\u00e4j\u00e4n alueen rajojen ulkopuolella\u201d, lukee Putinin pyynn\u00f6n otsikossa.<\/p>\n<p>\u201dVladimir Putin on tuonut liittoneuvostolle ehdotuksen Ven\u00e4j\u00e4n perustuslain 102. pyk\u00e4l\u00e4n 1. osan kohdan \u201dg\u201d perusteella, jotta liittoneuvosto hyv\u00e4ksyisi p\u00e4\u00e4t\u00f6ksen antaa lupa Ven\u00e4j\u00e4n federaation asevoimien k\u00e4ytt\u00f6\u00f6n Ven\u00e4j\u00e4n federaation alueen rajojen ulkopuolella yleisesti tunnustettujen periaatteiden ja kansainv\u00e4lisen oikeuden normien mukaisesti\u201d, kuuluu varsinaisen pyynn\u00f6n sanamuoto.<\/p>\n<p>Liittoneuvosto antoi yksimielisess\u00e4 \u00e4\u00e4nestyksess\u00e4\u00e4n Putinille h\u00e4nen kaipaamansa luvan liki v\u00e4litt\u00f6m\u00e4sti sen j\u00e4lkeen, kun pyynn\u00f6st\u00e4 oli kerrottu julkisuuteen keskiviikkona.<\/p>\n<p>T\u00e4m\u00e4n j\u00e4lkeen presidentinhallinnon p\u00e4\u00e4llikk\u00f6 Sergei Ivanov selitti Ven\u00e4j\u00e4n medialle, ett\u00e4 lupa koskee k\u00e4yt\u00e4nn\u00f6ss\u00e4 Syyriaan ja ett\u00e4 avunpyynt\u00f6 oli tullut Syyrian presidentilt\u00e4 Bashar al-Assadilta.<\/p>\n<p>Liittoneuvosto ei ole toistaiseksi julkaissut p\u00e4\u00e4t\u00f6slauselmansa sanamuotoa, mutta Ven\u00e4j\u00e4n median mukaan Putin sai kuitenkin nimenomaan luvan k\u00e4ytt\u00e4\u00e4 asevoimia \u201dVen\u00e4j\u00e4n alueen ulkopuolella\u201d. Ven\u00e4j\u00e4n johto ei ole selitt\u00e4nyt, miksi Putin ei yksil\u00f6inyt pyynn\u00f6ss\u00e4\u00e4n Syyriaa nimelt\u00e4.<\/p>\n<p>Yksi todenn\u00e4k\u00f6inen selitys on se, ett\u00e4 mik\u00e4li Ven\u00e4j\u00e4 aikoo iske\u00e4 Isis-\u00e4\u00e4rij\u00e4rjest\u00f6\u00e4 vastaan Syyriassa, taistelut saattavat laajentua my\u00f6s esimerkiksi Irakin alueelle. N\u00e4in Putinin ei tarvitsisi siis en\u00e4\u00e4 erikseen pyyt\u00e4\u00e4 liittoneuvostolta uutta lupaa, vaan laajempi sanamuoto mahdollistaa Ven\u00e4j\u00e4n toiminnan sek\u00e4 Syyriassa ett\u00e4 Irakissa.<\/p>\n<p>Joka tapauksessa uuden luvan sanamuoto on siis kuitenkin hyvin laaja ja se voisi mahdollistaa yht\u00e4 lailla my\u00f6s Ven\u00e4j\u00e4n asevoimien virallisen k\u00e4yt\u00f6n esimerkiksi It\u00e4-Ukrainassa tai ainakin sill\u00e4 mahdollisuudella painostamisen.<\/p>\n<p>Ven\u00e4j\u00e4 ei ole viel\u00e4 t\u00e4h\u00e4n p\u00e4iv\u00e4\u00e4nk\u00e4\u00e4n menness\u00e4 tunnustanut asevoimiensa k\u00e4ytt\u00f6\u00e4 It\u00e4-Ukrainassa, mutta Krimill\u00e4 olleet erikoisjoukkojen sotilaat Putin on sen sijaan my\u00f6nt\u00e4nyt alun kiist\u00e4misten j\u00e4lkeen.<\/p>\n<p>Uuden luvan sanamuoto eroaa huomattavasti maaliskuun 1. p\u00e4iv\u00e4st\u00e4 2014, jolloin Putin pyysi ja sai luvan Ven\u00e4j\u00e4n asevoimien k\u00e4ytt\u00f6\u00f6n nimenomaan yksil\u00f6idysti \u201dUkrainan alueella\u201d. Putin perusteli luvan tarvetta tuolloin sill\u00e4, ett\u00e4 Krimill\u00e4 olevien Ven\u00e4j\u00e4n kansalaisten, maanmiesten sek\u00e4 Ven\u00e4j\u00e4n laivastotukikohdan sotilaiden henki on vaarassa Krimill\u00e4, joka kuului tuolloin Ven\u00e4j\u00e4nkin oman k\u00e4sityksen mukaan Ukrainaan.<\/p>\n<p>Kun liittoneuvosto oli antanut Putinille luvan asevoimien k\u00e4ytt\u00f6\u00f6n Ukrainassa, Ven\u00e4j\u00e4 aloitti ripe\u00e4t toimet Krimin liitt\u00e4miseksi itseens\u00e4. Krimill\u00e4 j\u00e4rjestettiin Ven\u00e4j\u00e4n pienten vihreiden miesten eli erikoisjoukkojen sotilaiden \u201dturvaamana\u201d n\u00e4yt\u00f6sluontoinen kansan\u00e4\u00e4nestys, jossa krimil\u00e4iset pyysiv\u00e4t p\u00e4\u00e4st\u00e4 osaksi Ven\u00e4j\u00e4\u00e4 ja t\u00e4m\u00e4n j\u00e4lkeen Putin vahvisti Krimin hyv\u00e4ksymisen osaksi Ven\u00e4j\u00e4\u00e4. Putinin saama asevoimien muodollinen k\u00e4ytt\u00f6lupa toimi t\u00e4ss\u00e4 tilanteessa l\u00e4hinn\u00e4 tehokkaana painostuskeinona Ukrainaa kohtaan.<\/p>\n<p>Kes\u00e4kuussa 2014 Putin k\u00e4\u00e4ntyi j\u00e4lleen liitoneuvoston puoleen ja pyysi peruuttamaan asevoimien k\u00e4ytt\u00f6luvan Ukrainassa. Putinin mukaan pyynn\u00f6n peruuttamien liittyi It\u00e4-Ukrainan tilanteen normalisoimiseen ja siell\u00e4 tuolloin k\u00e4ynniss\u00e4 olleiden neuvotteluiden tukemiseen.\u201d<\/p>\n<p><a href=\"http:\/\/www.iltasanomat.fi\/ulkomaat\/art-1443516295414.html\" target=\"_blank\">http:\/\/www.iltasanomat.fi\/ulkomaat\/art-1443516295414.html<\/a><\/p>\n<p>&nbsp;<\/p>\n<\/div>\n<article id=\"post-3756\" class=\"post-3756 post type-post status-publish format-standard hentry category-yleinen\">\n<header class=\"entry-header\">\n<h1 class=\"entry-title\">29.9.2015: New Yorkin viikko alkoi pitk\u00e4ll\u00e4 miinuksella<\/h1>\n<\/header>\n<div class=\"entry-content\">\n<p>\u201dS&amp;P 500 -indeksi painui 1 900 pisteen rajan alapuolelle.<\/p>\n<p>Wall Streetin viikko k\u00e4ynnistyi jyrk\u00e4ll\u00e4 laskulla. Huolta aiheuttivat samat aiheet kuin ennenkin. Sijoittajia kalvaa ep\u00e4tietoisuus keskuspankki Fedin koronnoston ajoituksesta. Lis\u00e4ksi kannetaan huolta maailmantalouden n\u00e4kymist\u00e4 ja etenkin Kiinan talouden ja yritysten takkuilusta.<\/p>\n<p>Kyseess\u00e4 on paradoksaalinen tilanne. Toisaalta pel\u00e4t\u00e4\u00e4n korkojen nousua. Toisaalta taas synkistell\u00e4\u00e4n koronnoston lykk\u00e4\u00e4ntymist\u00e4, koska se osoittaa my\u00f6s Fedin olevan huolissaan taloustilanteesta.<\/p>\n<p>Er\u00e4iden arvioiden mukaan laskussa on hieman kysymys my\u00f6s siit\u00e4, ett\u00e4 osa sijoittajista siivoaa salkkujaan ennen kvartaalin vaihtumista kahden p\u00f6rssip\u00e4iv\u00e4n kuluttua.<\/p>\n<p>Dow Jones Industrial Average painui 1,9 prosenttia. Indeksi p\u00e4\u00e4tyi vajaat kaksi pistett\u00e4 16\u00a0000 pisteen rajan yl\u00e4puolelle. Se sijaan S&amp;P 500 painui 1900 pisteen rajan alapuolelle 1\u00a0882 pisteeseen. Pakkia tuli l\u00e4hes 2,6 prosenttia. Seuratuimmista indekseist\u00e4 eniten putosi Nasdaq Composite, joka sukelsi yli kolme prosenttia 4\u00a0544 pisteeseen.<\/p>\n<p>Talousdataa saatiin muun muassa asuntomarkkinoilta, joilla vireill\u00e4 olevien asuntokauppojen m\u00e4\u00e4r\u00e4 putosi elokuussa 1,4 prosenttia edelliskuukaudelta. Analyytikot olivat odottaneet kauppojen kasvua 0,4 prosentilla.<\/p>\n<p>Kuluttajien tulot ja kulutus kehittyiv\u00e4t elokuussa jokseenkin odotusten mukaisesti. Inflaatio pysytteli edelleen matalalla. Ruoasta ja energiasta puhdistettu pohjainflaatio nousi elokuussa vain 0,1 prosenttia ja vuositasollakin se j\u00e4i 1,3 prosenttiin eli reilusti alle keskuspankin kahden prosentin tavoitetason.<\/p>\n<p>\u00d6ljyn hinta painui. Yhdysvaltalaisen West Texas intermediate \u2013laadun marraskuun futuurihinta laski 2,8 prosenttia vajaaseen 44,50 dollariin.<\/p>\n<p>New York: Dow Jones\/close 16002 pistett\u00e4 (-1,92 %)<\/p>\n<p>New York: S&amp;P 500\/close 1882 pistett\u00e4 (-2,57 %)<\/p>\n<p>New York: Nasdaq\/close 4544 pistett\u00e4 (-3,04 %)<\/p>\n<p>New York: Nokia ADS\/close 6,46 dollaria (-1,67 %)\u201d<\/p>\n<p><a href=\"http:\/\/www.kauppalehti.fi\/uutiset\/porssit-new-yorkin-viikko-alkoi-pitkalla-miinuksella\/gmZRghp4\" target=\"_blank\">http:\/\/www.kauppalehti.fi\/uutiset\/porssit-new-yorkin-viikko-alkoi-pitkalla-miinuksella\/gmZRghp4<\/a><\/p>\n<p>&nbsp;<\/p>\n<\/div>\n<footer class=\"entry-meta\"><time class=\"entry-date\" datetime=\"2015-09-29T08:10:03+00:00\"><\/time><\/footer>\n<\/article>\n<article id=\"post-3754\" class=\"post-3754 post type-post status-publish format-standard hentry category-yleinen\">\n<header class=\"entry-header\">\n<h1 class=\"entry-title\">28.9.2015: Obama ja Putin tapaavat toisensa ensimm\u00e4ist\u00e4 kertaa vuoteen<\/h1>\n<\/header>\n<div class=\"entry-content\">\n<p>\u201dYhdysvaltain prYhdysvaltain presidentti Barack Obama haluaa puhua Ukrainan tilanteesta, Ven\u00e4j\u00e4n presidentti Vladimir Putin puolestaan Syyriasta.<\/p>\n<p>esidentti Barack Obama ja Ven\u00e4j\u00e4n presidentti Vladimir Putin tapaavat toisensa YK:n yleiskokouksessa maanantai-iltana. Kyseess\u00e4 on suurvaltajohtajien ensimm\u00e4inen tapaaminen l\u00e4hes vuoteen.<\/p>\n<p>Maat ovat saivarrelleet siit\u00e4, kuka teki aloitteen tapaamisesta, ja mik\u00e4 on sen t\u00e4rkein asia. Valkoisen talon mukaan Putin pyysi tapaamista Obaman kanssa, Kremlin tiedottajan mukaan taas tapaaminen j\u00e4rjestyi keskin\u00e4isell\u00e4 sopimuksella. Obama haluaa puhua Ukrainan tilanteesta, Putin puolestaan Syyriasta.<\/p>\n<p>Ukrainan tulitaukoa on noudatettu kohtuullisesti syyskuussa. Tulitauon noudattamisen uskotaan liittyv\u00e4n juuri Putinin kansainv\u00e4lisiin esiintymisiin. Aseellisen konfliktin kiihtyminen ei n\u00e4ytt\u00e4isi hyv\u00e4lt\u00e4, kun Putin osallistuu YK:n yleiskokoukseen ensimm\u00e4ist\u00e4 kertaa kymmeneen vuoteen.<\/p>\n<p>Putinin odotetaan uudistavan Obamalle ehdotuksensa kansainv\u00e4lisest\u00e4 koalitiosta taisteluun Isisi\u00e4 vastaan. Ven\u00e4j\u00e4 haluaa kukistaa Isisin yhdess\u00e4 Syyrian presidentin Bashar al-Assadin kanssa. Yhdysvallat tuskin suostuu ehdotukseen.<\/p>\n<p>Kumpikin presidentti pit\u00e4\u00e4 t\u00e4n\u00e4\u00e4n maanantaina my\u00f6s puheensa yleiskokoukselle.\u201d<\/p>\n<p><a href=\"http:\/\/yle.fi\/uutiset\/obama_ja_putin_tapaavat_toisensa_ensimmaista_kertaa_vuoteen\/8336072\" target=\"_blank\">http:\/\/yle.fi\/uutiset\/obama_ja_putin_tapaavat_toisensa_ensimmaista_kertaa_vuoteen\/8336072<\/a><\/p>\n<p>&nbsp;<\/p>\n<\/div>\n<\/article>\n<article id=\"post-3739\" class=\"post-3739 post type-post status-publish format-standard hentry category-yleinen\">\n<header class=\"entry-header\">\n<h1 class=\"entry-title\">27.9.2015: Harvinainen superkuu pimenee ensi y\u00f6n\u00e4<\/h1>\n<\/header>\n<div class=\"entry-content\">\n<p>\u201dMaanantaina aamuy\u00f6st\u00e4 voi ihailla harvinaista superkuunpimennyst\u00e4. Edellisen kerran vastaava verikuu n\u00e4htiin yli 30 vuotta sitten.<\/p>\n<p>T\u00e4ysikuu ja t\u00e4ydellinen kuunpimennys, samaan aikaan, kun kuu on kiertoradallaan l\u00e4himp\u00e4n\u00e4 maata. N\u00e4in syntyy superkuunpimennys. T\u00e4ydellinen kuunpimennys n\u00e4hd\u00e4\u00e4n ensi maanantaina aamuy\u00f6ll\u00e4 koko Suomessa.<\/p>\n<p>T\u00e4ydellisess\u00e4 kuunpimennyksess\u00e4 Aurinko, Maa ja Kuu ovat samalla suoralla linjalla. Kuu ei varsinaisesti pimene, vaan muuttuu syv\u00e4n punaiseksi eli niin sanotuksi punaiseksi verikuuksi. T\u00e4m\u00e4 johtuu siit\u00e4, ett\u00e4 Maan ilmakeh\u00e4 taittaa osan Auringon valosta Kuun pintaan, vaikka kuu onkin maan varjossa. Vain pisimm\u00e4t valon aallonpituudet eli punaiset ja oranssit jatkavat koko ilmakeh\u00e4n l\u00e4pi Kuuhun, kun muut siroavat ilmakeh\u00e4ss\u00e4. Jos maapallolla ei olisi ilmakeh\u00e4\u00e4, kuu katoaisi kokonaan n\u00e4kyvist\u00e4.<\/p>\n<p>Superkuuta ja t\u00e4ydellist\u00e4 kuunpimennyst\u00e4 n\u00e4hd\u00e4\u00e4n harvoin samana p\u00e4iv\u00e4n\u00e4, viimeksi vuonna 1982 ja seuraavan kerran vuonna 2033. Suomessa se ei kuitenkaan n\u00e4y, koska kuu on t\u00e4ll\u00f6in horisontin alapuolella. Suomessa seuraava superkuunpimennys n\u00e4hd\u00e4\u00e4n vasta vuonna 2036.\u2033<\/p>\n<p><a href=\"http:\/\/yle.fi\/uutiset\/harvinainen_superkuu_pimenee_ensi_yona__laheta_oma_kuvasi_punaisesta_kuusta\/8334651\" target=\"_blank\">http:\/\/yle.fi\/uutiset\/harvinainen_superkuu_pimenee_ensi_yona__laheta_oma_kuvasi_punaisesta_kuusta\/8334651<\/a><\/p>\n<p>&nbsp;<\/p>\n<\/div>\n<header class=\"entry-header\">\n<h1 class=\"entry-title\">25.9.2015: Paaville l\u00e4mmin vastaanotto New Yorkissa<\/h1>\n<\/header>\n<div class=\"entry-content\">\n<p>\u201dYhdysvalloissa vieraileva paavi Franciscus on otettu vastaan New Yorkissa kuin rock-t\u00e4hti konsanaan. Katolisen kirkon johtajaa vastassa oli John F. Kennedyn lentokent\u00e4ll\u00e4 Vatikaanin lippuja heiluttava v\u00e4kijoukko, joka huusi paaville tervetulotoivotuksia. Paavin astuessa koneesta orkesteri soitti katkelman Frank Sinatran klassikosta New York, New York.<\/p>\n<p>Lentokent\u00e4lt\u00e4 paavi p\u00f6risteli Manhattanille helikopterilla. H\u00e4n viett\u00e4\u00e4 New Yorkissa 36 tuntia, joiden aikana h\u00e4n muun muassa johtaa iltarukouksia St. Patrickin katedraalissa ja puhuu YK:n yleiskokouksessa sek\u00e4 vierailee Harlemissa katolisessa koulussa. Paavi johtaa my\u00f6s moniuskontoisen seremonian New Yorkin terrori-iskujen muistomerkill\u00e4.<\/p>\n<p>Paavi k\u00e4v\u00e4isee my\u00f6s kaupungin keskuspuisto Central Parkissa, minne odotetaan 80 000 ihmist\u00e4. Lis\u00e4ksi h\u00e4n johtaa messun Madison Square Gardenissa, jonne odotetaan 20 000 kuulijaa.<\/p>\n<p>Paavin vierailu n\u00e4kyy newyorkilaisten el\u00e4m\u00e4ss\u00e4 paitsi v\u00e4kijoukkoina my\u00f6s eritt\u00e4in tiukkoina turvatoimina ymp\u00e4ri kaupunkia.\u201d<\/p>\n<p><a href=\"http:\/\/www.mtv.fi\/uutiset\/ulkomaat\/artikkeli\/paaville-lammin-vastaanotto-new-yorkissa\/5328726\" target=\"_blank\">http:\/\/www.mtv.fi\/uutiset\/ulkomaat\/artikkeli\/paaville-lammin-vastaanotto-new-yorkissa\/5328726<\/a><\/p>\n<\/div>\n<div class=\"entry-content\">\n<p>&nbsp;<\/p>\n<\/div>\n<\/article>\n<h1 class=\"entry-title\">13.9.2015: Kalifornianlahdella voimakas maanj\u00e4ristys<\/h1>\n<p><img loading=\"lazy\" decoding=\"async\" class=\"alignnone wp-image-3601 size-medium\" src=\"http:\/\/www.lopunajat.fi\/blogi\/wp-content\/uploads\/2015\/09\/2015-09-13-Kalifornia_6.6-e1442139045925-300x236.jpg\" alt=\"2015-09-13-Kalifornia_6.6\" width=\"300\" height=\"236\" srcset=\"https:\/\/lopunajat.fi\/blogi\/wp-content\/uploads\/2015\/09\/2015-09-13-Kalifornia_6.6-e1442139045925-300x236.jpg 300w, https:\/\/lopunajat.fi\/blogi\/wp-content\/uploads\/2015\/09\/2015-09-13-Kalifornia_6.6-e1442139045925.jpg 434w\" sizes=\"auto, (max-width: 300px) 100vw, 300px\" \/><\/p>\n<p>Lopunajat.fi 13.9.2015<\/p>\n<p>Kalifornianlahdella tapahtui voimakas &#8211; jopa 6.9 magnitudin maanj\u00e4ristys sunnuntai aamuna Suomen aikaan. Maanj\u00e4ristyksen voimakkuudeksi on j\u00e4lkeenp\u00e4in ilmoitettu 6.6.<\/p>\n<p>Maanj\u00e4ristyken keskus sijaitsi Meksikon l\u00e4nsipuolella Pohjois-Amerikan-, Tyynenmeren- ja\u00a0 Kookossaaren mannerlaattojen yhtym\u00e4kohdassa.<\/p>\n<p>J\u00e4ristys tapahtui vain noin 15 km syvyydess\u00e4, joten tsunamin muodostumisen mahdollisuus on periaatteessa ollut olemassa.<\/p>\n<p>&nbsp;<\/p>\n<h1 class=\"entry-title\">13.9.2015: Paavi saa v\u00e4kijoukot liikkeelle Kuubassa ja USA:ssa<\/h1>\n<p>\u201dFranciscukselle tarjoutuu tilaisuuksia n\u00e4ytt\u00e4viin poliittisiin linjanvetoihin.<\/p>\n<p>Vain puoli minuuttia ja kaikki 10 000 ilmaista lippua paavi Franciscuksen ulkoilmamessuun Philadelphiassa oli varattu. Roomalaiskatolilaisten johtajan ei tarvitse pel\u00e4t\u00e4 puhuvansa tyhjille katsomoille ensi viikonloppuna alkavalla matkallaan Yhdysvaltoihin ja Kuubaan.<\/p>\n<p>Paavit ovat vierailleet Havannassa ja Washingtonissa aiemminkin, mutta nyt matka on monestakin syyt\u00e4 poikkeuksellinen. Franciscuksen vierailussa on vahva poliittinen ulottuvuus, sill\u00e4 h\u00e4n oli henkil\u00f6kohtaisesti mukana v\u00e4litt\u00e4m\u00e4ss\u00e4 prosessia, joka johti Kuuban ja Yhdysvaltain diplomaattisuhteiden palauttamiseen.<\/p>\n<p>Kansainv\u00e4lisess\u00e4 politiikassa argentiinalaissyntyinen paavi ei ole vaiennut mielipiteist\u00e4\u00e4n, vaan on ottanut v\u00e4kev\u00e4sti kantaa muun muassa vapaan markkinatalouden synnytt\u00e4m\u00e4\u00e4 k\u00f6yhyytt\u00e4 ja eriarvoisuutta sek\u00e4 ilmastonmuutosta vastaan.<\/p>\n<p>Yhdysvalloissa tv-juontaja ehti jo nimet\u00e4 Franciscuksen \u201dplaneetan vaarallisimmaksi henkil\u00f6ksi\u201d. Kuuban kommunistijohtajiin paavin \u201dviisaus ja n\u00f6yryys\u201d on sen sijaan tehnyt vaikutuksen.<\/p>\n<p>\u2013 Jos paavi jatkaa t\u00e4ll\u00e4 linjalla, palaan katoliseen kirkkoon, presidentti Raul Castro sanoi vieraillessaan Vatikaanissa aiemmin t\u00e4n\u00e4 vuonna.<\/p>\n<p>\u2013 Kun paavi tulee Kuubaan, aion osallistua h\u00e4nen jokaiseen messuunsa, h\u00e4n vakuutti.<\/p>\n<p><strong>Ensimm\u00e4isen\u00e4 paavina kongressissa<\/strong><br \/>\nFranciscuksen vasemmistolaisilta haiskahtavat puheet ovat ehk\u00e4 saaneet amerikkalaiset konservatiivit huolestumaan, mutta presidentti Barack Obama ei ole salannut ihailevansa Franciscusta erityisesti t\u00e4m\u00e4n ilmastopolitiikan takia.<\/p>\n<p>Arvostuksesta kielii se, ett\u00e4 Obamat menev\u00e4t poikkeuksellisesti paavia vastaan jo t\u00e4m\u00e4n laskeutuessa Edwardsin lentotukikohtaan. Valkoisen talon vastaanoton j\u00e4lkeen Franciscus pit\u00e4\u00e4 ensimm\u00e4isen\u00e4 paavina puheen Yhdysvaltain kongressissa.<\/p>\n<p>N\u00e4ytt\u00e4v\u00e4t esiintymiset eiv\u00e4t lopu siihen: 25. syyskuuta Franciscus puhuu YK:n yleiskokouksessa New Yorkissa.\u201d<\/p>\n<p><a href=\"http:\/\/www.iltasanomat.fi\/ulkomaat\/art-1442105489015.html\" target=\"_blank\">http:\/\/www.iltasanomat.fi\/ulkomaat\/art-1442105489015.html<\/a><\/p>\n<p>&nbsp;<\/p>\n<h1 class=\"entry-title\">12.9.2015: Katolinen kirkko opettaa Kristuksen olevan Saatanan poika<\/h1>\n<div class=\"entry-content\">\n<p>Lopunajat.fi 12.9.2015:<\/p>\n<p>Vatikaanissa 27.4.2014 pidetyss\u00e4 messussa julistettiin latinaksi Kristuksen olevan Saatanan (Luciferin) poika. Tilaisuus l\u00e4hetettiin ymp\u00e4ri maailman superter\u00e4v\u00e4piirtona (4K tarkkuudella) ja kolmiuloitteisena.<\/p>\n<p>Varsinainen virallinen \u201dohjelmanumero\u201d oli edesmenneiden paavien Johannes Paavali II (Karol J\u00f3zef Wojty\u0142a) ja paavi Johannes XXIII (Angelo Giuseppe Roncalli) julistaminen \u201dpyhimyksiksi\u201d.<\/p>\n<p>Taas yksi merkitt\u00e4v\u00e4 n\u00e4ytt\u00f6 sille asialle, ett\u00e4 nykyinen paavi ja h\u00e4nen edustamansa instituutio on Ilmestyskirjan ilmoittama toinen peto.<\/p>\n<\/div>\n<p>&nbsp;<\/p>\n<h1>11.9.2015: Kymmeni\u00e4 kuoli Mekassa nosturin romahdettua<\/h1>\n<p>\u201dSaudiviranomaisten mukaan ainakin 107 ihmist\u00e4 on kuollut.<\/p>\n<p>Ainakin 107 ihmist\u00e4 on viranomaisten mukaan kuollut ja 238 ihmist\u00e4 loukkaantunut, kun nosturi kaatui Mekan Suurmoskeijan p\u00e4\u00e4lle perjantaina Saudi-Arabiassa.<\/p>\n<p>Onnettomuuden syy ei ole viel\u00e4 virallisesti selvill\u00e4, mutta sosiaalisessa mediassa julkaistujen kuvien perusteella nosturi on kaatunut moskeijan katon l\u00e4pi ja katto on romahtanut.<\/p>\n<p>Onnettomuuden aikaan satoi ja ukkosti rankasti. Arabian niemimaalla on ollut voimakkaita hiekkamyrskyj\u00e4 viimeisen viikon aikana.<\/p>\n<p>Moskeijan tiedottajan mukaan voimakas tuuli ja kova sade aiheutti nosturin kaatumisen. Moskeijan ty\u00f6ntekij\u00e4 kertoi uutistoimisto AFP:lle, ett\u00e4 h\u00e4n n\u00e4ki nosturin kaatuvan myrskyn seurauksena. H\u00e4nen mukaansa moskeijaa kiert\u00e4v\u00e4 katettu k\u00e4velysilta pys\u00e4ytti kaatuvan nosturin osittain, mink\u00e4 vuoksi uhriluku j\u00e4i h\u00e4nen mukaansa pienemm\u00e4ksi.<\/p>\n<p>Perjantairukouksen oli tarkoitus alkaa moskeijassa vain tunti onnettomuuden j\u00e4lkeen, jolloin siell\u00e4 olisi ollut paljon enemm\u00e4n ihmisi\u00e4.<\/p>\n<p>Saudi-Arabia laajentaa parhaillaan suurmoskeijaa ja laajennusosan on tarkoitus olla 400 000 neli\u00f6metrin suuruinen. Moskeijaa ymp\u00e4r\u00f6iv\u00e4t lukuisat nostokurjet. Kaatunut nosturi osui moskeijan it\u00e4osan p\u00e4\u00e4lle.<\/p>\n<p>Paikallisviranomaiset ovat m\u00e4\u00e4r\u00e4nneet tutkinnan onnettomuuden syist\u00e4. Alueen asukkaita on pyydetty luovuttamaan verta onnettomuuden uhrien auttamiseksi.<\/p>\n<p>Uhrien kansalaisuudesta ei ollut tietoa heti onnettomuuden j\u00e4lkeen, mutta Iranin valtion uutistoimiston IRNA:n mukaan loukkaantuneiden joukossa olisi 15 iranilaista.<\/p>\n<p>Miljoonien muslimien on tarkoitus saapua Mekkaan my\u00f6hemmin t\u00e4ss\u00e4 kuussa, kun muslimien pyhiinvaelluskausi alkaa.<\/p>\n<p>Monta kerrosta korkea Mekan Suurmoskeija on yksi islamin pyhimmist\u00e4 paikoista.<\/p>\n<p>* P\u00e4ivitetty klo 1:50, arviot kuolleiden m\u00e4\u00e4r\u00e4st\u00e4 ovat nousseet\u201d<\/p>\n<p><a href=\"http:\/\/yle.fi\/uutiset\/kymmenia_kuoli_mekassa_nosturin_romahdettua\/8300575\" target=\"_blank\">http:\/\/yle.fi\/uutiset\/kymmenia_kuoli_mekassa_nosturin_romahdettua\/8300575<\/a><\/p>\n<p>&nbsp;<\/p>\n<h1 class=\"entry-title\">11.9.2015: Palestiinan lippu pian YK:n p\u00e4\u00e4majan edustalle<\/h1>\n<div class=\"entry-content\">\n<p>\u201dPalestiinan lippu nostetaan pian salkoon YK:n p\u00e4\u00e4majan edustalle New Yorkissa.<br \/>\nYhdistyneiden kansakuntien yleiskokous p\u00e4\u00e4tti asiasta ylivoimaisella enemmist\u00f6ll\u00e4 \u00e4\u00e4nestyksess\u00e4.<\/p>\n<p>Palestiinalaisten p\u00e4\u00e4ministerin Rami Hamdallahin mukaan t\u00e4m\u00e4 on askel eteenp\u00e4in siin\u00e4, ett\u00e4 Palestiina tunnustetaan YK:n t\u00e4ysvaltaiseksi j\u00e4seneksi.<\/p>\n<p>Yleiskokouksessa 119 YK:n j\u00e4senmaata kannatti ja 4 vastusti Palestiinan lipun nostoa salkoon. 45 j\u00e4senmaata pid\u00e4tt\u00e4ytyi \u00e4\u00e4nest\u00e4m\u00e4st\u00e4. Lipun nostoa vastustaneiden joukossa olivat Yhdysvallat ja Israel.<\/p>\n<p>Palestiinalaisilla on nyt yhdess\u00e4 Vatikaanin kanssa tarkkailijaj\u00e4senten asema YK:ssa.\u201d<\/p>\n<p><a href=\"http:\/\/www.iltasanomat.fi\/ulkomaat\/art-1441929940150.html\" target=\"_blank\">http:\/\/www.iltasanomat.fi\/ulkomaat\/art-1441929940150.html<\/a><\/p>\n<\/div>\n<p>&nbsp;<\/p>\n<h1 class=\"entry-title\">8.9.2015: Paavi helpottaa avioliiton mit\u00e4t\u00f6inti\u00e4<\/h1>\n<div class=\"entry-content\">\n<p>\u201dPaavi Franciscus on p\u00e4\u00e4tt\u00e4nyt radikaalisti helpottaa katolisen kirkon s\u00e4\u00e4nt\u00f6j\u00e4 avioliiton mit\u00e4t\u00f6imisest\u00e4. Muutos on suurin vuosisatoihin.<\/p>\n<p>Paavi piti kiinni avioliiton purkamattomuudesta, mutta yksinkertaisti edellytyksi\u00e4 liittojen mit\u00e4t\u00f6imiselle. Liitto voidaan kirkon s\u00e4\u00e4nt\u00f6jen mukaan mit\u00e4t\u00f6id\u00e4, jos sit\u00e4 ei ole solmittu vapaaehtoisesti, jos osapuolet eiv\u00e4t ole olleet henkisesti kypsi\u00e4 solmimaan sit\u00e4 tai halukkaita hankkimaan lapsia.<\/p>\n<p>Nykyisin mit\u00e4t\u00f6iminen on pitk\u00e4llinen ja kallis prosessi.\u201d<\/p>\n<p><a href=\"http:\/\/www.iltalehti.fi\/ulkomaat\/2015090820314358_ul.shtml\" target=\"_blank\">http:\/\/www.iltalehti.fi\/ulkomaat\/2015090820314358_ul.shtml<\/a><\/p>\n<\/div>\n<p>&nbsp;<\/p>\n<h1 class=\"entry-title\">1.9.2015: Barack Obaman s\u00e4\u00e4ti\u00f6 sai 666 666 dollarin lahjoituksen<\/h1>\n<div class=\"entry-content\">\n<p>Lopunajat.fi<\/p>\n<p>Obaman s\u00e4\u00e4ti\u00f6 aloitti toimintansa 31.1.2014. Vuonna 2014 s\u00e4\u00e4ti\u00f6 sai lahjoituksia yli viiden miljoonan dollarin edest\u00e4.<\/p>\n<p>Mainittuja lahjoittajia on luettelossa kaikkiaan 11 kpl ja kuudentena suurena lahjoittajana listassa mainitaan Cari ja Michael J. Sacks Chicagosta\u00a0 666 666 dollarin lahjoituksella.<\/p>\n<p>Eritt\u00e4in mielenkiitoiseksi asian tekee siis tuo lahjoitettu summa. Kenelle tulisi mieleen lahjoittaa t\u00e4sm\u00e4lleen tuon suuruinen summa, ellei Obaman taustalla olisi jotain enemm\u00e4n?<\/p>\n<p>Edell\u00e4 mainitut tiedot k\u00e4yv\u00e4t ilmi s\u00e4\u00e4ti\u00f6n tekem\u00e4st\u00e4 veroilmoituksesta ja 666 on Raamatun ilmoittama Pedon luku.<\/p>\n<p>Liikemies Michael J. Sacks on puolustanut voimakkaasti muun muassa homoavioliittoja ja on n\u00e4in ollen vahvasti\u00a0 Obaman linjoilla.<\/p>\n<\/div>\n<p>&nbsp;<\/p>\n<p><a href=\"http:\/\/www.lopunajat.fi\/blogi\/2015\/09\/\" target=\"_blank\"><strong>KAIKKI SYYSKUU 2015 JUTUT T\u00c4\u00c4LL\u00c4<\/strong><\/a><\/p>\n<p>&nbsp;<\/p>\n","protected":false},"excerpt":{"rendered":"<p>P\u00e4ivitetty 1.11.2015 Suurien muutosten syyskuu (lista) 30.9.2015: Putinin pyynt\u00f6 h\u00e4mment\u00e4\u00e4: Miksi lupaa asevoimien k\u00e4ytt\u00f6\u00f6n haettiin \u201dVen\u00e4j\u00e4n rajojen ulkopuolelle\u201d eik\u00e4 \u201dSyyriaan\u201d? \u201dVen\u00e4j\u00e4n presidentin esitt\u00e4m\u00e4 asevoimien k\u00e4ytt\u00f6pyynt\u00f6 on muotoiltu nyt eri tavalla kuin kev\u00e4\u00e4ll\u00e4 2014, jolloin se koski selke\u00e4sti nimenomaan Ukrainaa. Kremlin virallisilla nettisivuilla on julkaistu presidentti Vladimir Putinin pyynt\u00f6, jonka h\u00e4n esitti Ven\u00e4j\u00e4n parlamentin yl\u00e4huoneelle eli [&hellip;]<\/p>\n","protected":false},"author":1,"featured_media":0,"parent":0,"menu_order":0,"comment_status":"closed","ping_status":"closed","template":"","meta":{"footnotes":""},"class_list":["post-3388","page","type-page","status-publish","hentry"],"_links":{"self":[{"href":"https:\/\/lopunajat.fi\/blogi\/wp-json\/wp\/v2\/pages\/3388","targetHints":{"allow":["GET"]}}],"collection":[{"href":"https:\/\/lopunajat.fi\/blogi\/wp-json\/wp\/v2\/pages"}],"about":[{"href":"https:\/\/lopunajat.fi\/blogi\/wp-json\/wp\/v2\/types\/page"}],"author":[{"embeddable":true,"href":"https:\/\/lopunajat.fi\/blogi\/wp-json\/wp\/v2\/users\/1"}],"replies":[{"embeddable":true,"href":"https:\/\/lopunajat.fi\/blogi\/wp-json\/wp\/v2\/comments?post=3388"}],"version-history":[{"count":27,"href":"https:\/\/lopunajat.fi\/blogi\/wp-json\/wp\/v2\/pages\/3388\/revisions"}],"predecessor-version":[{"id":4087,"href":"https:\/\/lopunajat.fi\/blogi\/wp-json\/wp\/v2\/pages\/3388\/revisions\/4087"}],"wp:attachment":[{"href":"https:\/\/lopunajat.fi\/blogi\/wp-json\/wp\/v2\/media?parent=3388"}],"curies":[{"name":"wp","href":"https:\/\/api.w.org\/{rel}","templated":true}]}}